{"id":22,"date":"2020-01-22T08:07:55","date_gmt":"2020-01-22T08:07:55","guid":{"rendered":"http:\/\/remsecker-waldlauf.de\/?page_id=22"},"modified":"2025-11-11T19:13:19","modified_gmt":"2025-11-11T19:13:19","slug":"laeufe","status":"publish","type":"page","link":"https:\/\/remsecker-waldlauf.de\/?page_id=22","title":{"rendered":"L\u00e4ufe"},"content":{"rendered":"\n<p>Alle Laufstrecken f\u00fchren durch den wundersch\u00f6nen Wald. So gibt es w\u00e4hrend dem Lauf matschige, unebene B\u00f6den oder schmale Wege mit kleinen Hindernissen \u2013 so ist jeder Lauf eindrucksvoll und abenteuerlich zu gleich.<\/p>\n\n\n\n<p><strong>#<strong>FLACHS-BAMBINILAUF<\/strong><\/strong><\/p>\n\n\n\n<p>Der FLACHS-BAMBINILAUF ist f\u00fcr alle Kinder Jahrgang 2021 bis 2023. Eltern d\u00fcrfen ihre Bambinis gerne beim Lauf begleiten.<\/p>\n\n\n\n<p class=\"has-cyan-bluish-gray-background-color has-background\">Start: 10:30 Uhr weiblich &#8211; 10:45 Uhr m\u00e4nnlich \/ Strecke: <a href=\"https:\/\/www.youtube.com\/watch?v=9BSa2rcw7OA\" target=\"_blank\" rel=\"noreferrer noopener\">Video<\/a><\/p>\n\n\n\n<figure class=\"wp-block-image size-large\"><img loading=\"lazy\" decoding=\"async\" width=\"610\" height=\"1024\" src=\"https:\/\/remsecker-waldlauf.de\/wp-content\/uploads\/2025\/09\/IMG_8655-610x1024.jpeg\" alt=\"\" class=\"wp-image-2699\" srcset=\"https:\/\/remsecker-waldlauf.de\/wp-content\/uploads\/2025\/09\/IMG_8655-610x1024.jpeg 610w, https:\/\/remsecker-waldlauf.de\/wp-content\/uploads\/2025\/09\/IMG_8655-179x300.jpeg 179w, https:\/\/remsecker-waldlauf.de\/wp-content\/uploads\/2025\/09\/IMG_8655-768x1288.jpeg 768w, https:\/\/remsecker-waldlauf.de\/wp-content\/uploads\/2025\/09\/IMG_8655-1x1.jpeg 1w, https:\/\/remsecker-waldlauf.de\/wp-content\/uploads\/2025\/09\/IMG_8655-358x600.jpeg 358w, https:\/\/remsecker-waldlauf.de\/wp-content\/uploads\/2025\/09\/IMG_8655-69x116.jpeg 69w, https:\/\/remsecker-waldlauf.de\/wp-content\/uploads\/2025\/09\/IMG_8655.jpeg 828w\" sizes=\"auto, (max-width: 610px) 100vw, 610px\" \/><figcaption class=\"wp-element-caption\">FLACHS-BAMBINILAUF \u00fcber 500m<\/figcaption><\/figure>\n\n\n\n<figure class=\"wp-block-image size-large\"><img loading=\"lazy\" decoding=\"async\" width=\"1024\" height=\"407\" src=\"https:\/\/remsecker-waldlauf.de\/wp-content\/uploads\/2025\/09\/IMG_8656-1024x407.jpeg\" alt=\"\" class=\"wp-image-2701\" srcset=\"https:\/\/remsecker-waldlauf.de\/wp-content\/uploads\/2025\/09\/IMG_8656-1024x407.jpeg 1024w, https:\/\/remsecker-waldlauf.de\/wp-content\/uploads\/2025\/09\/IMG_8656-300x119.jpeg 300w, https:\/\/remsecker-waldlauf.de\/wp-content\/uploads\/2025\/09\/IMG_8656-768x305.jpeg 768w, https:\/\/remsecker-waldlauf.de\/wp-content\/uploads\/2025\/09\/IMG_8656-1536x610.jpeg 1536w, https:\/\/remsecker-waldlauf.de\/wp-content\/uploads\/2025\/09\/IMG_8656-3x1.jpeg 3w, https:\/\/remsecker-waldlauf.de\/wp-content\/uploads\/2025\/09\/IMG_8656-600x238.jpeg 600w, https:\/\/remsecker-waldlauf.de\/wp-content\/uploads\/2025\/09\/IMG_8656-228x91.jpeg 228w, https:\/\/remsecker-waldlauf.de\/wp-content\/uploads\/2025\/09\/IMG_8656.jpeg 1617w\" sizes=\"auto, (max-width: 1024px) 100vw, 1024px\" \/><figcaption class=\"wp-element-caption\">H\u00f6henprofil FLACHS-BAMBINILAUF<\/figcaption><\/figure>\n\n\n\n<p><\/p>\n\n\n\n<p><strong>#<strong>CONNECTRONIC \u2013 SCH\u00dcLERLAUF<\/strong><\/strong><\/p>\n\n\n\n<p>Der CONNECTRONIC &#8211; SCH\u00dcLERLAUF ist f\u00fcr Sch\u00fcler\/innen Jahrgang 2017 bis 2020.<\/p>\n\n\n\n<p class=\"has-cyan-bluish-gray-background-color has-background\">Start: 11:00 Uhr weiblich &#8211; 11:15 Uhr m\u00e4nnlich \/ Strecke: <a href=\"https:\/\/www.youtube.com\/watch?v=0smnO8OxgCg\" target=\"_blank\" rel=\"noreferrer noopener\">Video<\/a><\/p>\n\n\n\n<figure class=\"wp-block-image size-large\"><img loading=\"lazy\" decoding=\"async\" width=\"624\" height=\"1024\" src=\"https:\/\/remsecker-waldlauf.de\/wp-content\/uploads\/2025\/09\/IMG_8653-624x1024.jpeg\" alt=\"\" class=\"wp-image-2702\" srcset=\"https:\/\/remsecker-waldlauf.de\/wp-content\/uploads\/2025\/09\/IMG_8653-624x1024.jpeg 624w, https:\/\/remsecker-waldlauf.de\/wp-content\/uploads\/2025\/09\/IMG_8653-183x300.jpeg 183w, https:\/\/remsecker-waldlauf.de\/wp-content\/uploads\/2025\/09\/IMG_8653-768x1261.jpeg 768w, https:\/\/remsecker-waldlauf.de\/wp-content\/uploads\/2025\/09\/IMG_8653-1x1.jpeg 1w, https:\/\/remsecker-waldlauf.de\/wp-content\/uploads\/2025\/09\/IMG_8653-366x600.jpeg 366w, https:\/\/remsecker-waldlauf.de\/wp-content\/uploads\/2025\/09\/IMG_8653-71x116.jpeg 71w, https:\/\/remsecker-waldlauf.de\/wp-content\/uploads\/2025\/09\/IMG_8653.jpeg 828w\" sizes=\"auto, (max-width: 624px) 100vw, 624px\" \/><figcaption class=\"wp-element-caption\">CONNECTRONIC &#8211; SCH\u00dcLERLAUF \u00fcber 1.000m<\/figcaption><\/figure>\n\n\n\n<figure class=\"wp-block-image size-large\"><img loading=\"lazy\" decoding=\"async\" width=\"1024\" height=\"393\" src=\"https:\/\/remsecker-waldlauf.de\/wp-content\/uploads\/2025\/09\/IMG_8658-1024x393.jpeg\" alt=\"\" class=\"wp-image-2703\" srcset=\"https:\/\/remsecker-waldlauf.de\/wp-content\/uploads\/2025\/09\/IMG_8658-1024x393.jpeg 1024w, https:\/\/remsecker-waldlauf.de\/wp-content\/uploads\/2025\/09\/IMG_8658-300x115.jpeg 300w, https:\/\/remsecker-waldlauf.de\/wp-content\/uploads\/2025\/09\/IMG_8658-768x295.jpeg 768w, https:\/\/remsecker-waldlauf.de\/wp-content\/uploads\/2025\/09\/IMG_8658-1536x590.jpeg 1536w, https:\/\/remsecker-waldlauf.de\/wp-content\/uploads\/2025\/09\/IMG_8658-3x1.jpeg 3w, https:\/\/remsecker-waldlauf.de\/wp-content\/uploads\/2025\/09\/IMG_8658-600x231.jpeg 600w, https:\/\/remsecker-waldlauf.de\/wp-content\/uploads\/2025\/09\/IMG_8658-228x88.jpeg 228w, https:\/\/remsecker-waldlauf.de\/wp-content\/uploads\/2025\/09\/IMG_8658.jpeg 1637w\" sizes=\"auto, (max-width: 1024px) 100vw, 1024px\" \/><figcaption class=\"wp-element-caption\">H\u00f6henprofil CONNECTRONIC &#8211; SCH\u00dcLERLAUF<\/figcaption><\/figure>\n\n\n\n<p><\/p>\n\n\n\n<p><strong>#<strong>V\/i\/t PHYSIO \u2013 SCH\u00dcLERLAUF<\/strong><\/strong><\/p>\n\n\n\n<p>Der V\/i\/t PHYSIO \u2013 SCH\u00dcLERLAUF ist f\u00fcr Sch\u00fcler\/innen Jahrgang 2013 bis 2016.<\/p>\n\n\n\n<p class=\"has-cyan-bluish-gray-background-color has-background\">Start: 11:30 Uhr weiblich &#8211; 11:45 Uhr m\u00e4nnlich \/ Strecke: <a href=\"https:\/\/www.youtube.com\/watch?v=YSGZ3AwVlBo\" target=\"_blank\" rel=\"noreferrer noopener\">Video<\/a><\/p>\n\n\n\n<figure class=\"wp-block-image size-large\"><img loading=\"lazy\" decoding=\"async\" width=\"615\" height=\"1024\" src=\"https:\/\/remsecker-waldlauf.de\/wp-content\/uploads\/2025\/09\/IMG_8651-615x1024.jpeg\" alt=\"\" class=\"wp-image-2704\" srcset=\"https:\/\/remsecker-waldlauf.de\/wp-content\/uploads\/2025\/09\/IMG_8651-615x1024.jpeg 615w, https:\/\/remsecker-waldlauf.de\/wp-content\/uploads\/2025\/09\/IMG_8651-180x300.jpeg 180w, https:\/\/remsecker-waldlauf.de\/wp-content\/uploads\/2025\/09\/IMG_8651-768x1279.jpeg 768w, https:\/\/remsecker-waldlauf.de\/wp-content\/uploads\/2025\/09\/IMG_8651-1x1.jpeg 1w, https:\/\/remsecker-waldlauf.de\/wp-content\/uploads\/2025\/09\/IMG_8651-360x600.jpeg 360w, https:\/\/remsecker-waldlauf.de\/wp-content\/uploads\/2025\/09\/IMG_8651-70x116.jpeg 70w, https:\/\/remsecker-waldlauf.de\/wp-content\/uploads\/2025\/09\/IMG_8651.jpeg 828w\" sizes=\"auto, (max-width: 615px) 100vw, 615px\" \/><figcaption class=\"wp-element-caption\">V\/i\/t PHYSIO &#8211; SCH\u00dcLERLAUF \u00fcber 1.900m<\/figcaption><\/figure>\n\n\n\n<figure class=\"wp-block-image size-large\"><img loading=\"lazy\" decoding=\"async\" width=\"1024\" height=\"415\" src=\"https:\/\/remsecker-waldlauf.de\/wp-content\/uploads\/2025\/09\/IMG_8652-1024x415.jpeg\" alt=\"\" class=\"wp-image-2705\" srcset=\"https:\/\/remsecker-waldlauf.de\/wp-content\/uploads\/2025\/09\/IMG_8652-1024x415.jpeg 1024w, https:\/\/remsecker-waldlauf.de\/wp-content\/uploads\/2025\/09\/IMG_8652-300x121.jpeg 300w, https:\/\/remsecker-waldlauf.de\/wp-content\/uploads\/2025\/09\/IMG_8652-768x311.jpeg 768w, https:\/\/remsecker-waldlauf.de\/wp-content\/uploads\/2025\/09\/IMG_8652-1536x622.jpeg 1536w, https:\/\/remsecker-waldlauf.de\/wp-content\/uploads\/2025\/09\/IMG_8652-2x1.jpeg 2w, https:\/\/remsecker-waldlauf.de\/wp-content\/uploads\/2025\/09\/IMG_8652-600x243.jpeg 600w, https:\/\/remsecker-waldlauf.de\/wp-content\/uploads\/2025\/09\/IMG_8652-228x92.jpeg 228w, https:\/\/remsecker-waldlauf.de\/wp-content\/uploads\/2025\/09\/IMG_8652.jpeg 1613w\" sizes=\"auto, (max-width: 1024px) 100vw, 1024px\" \/><figcaption class=\"wp-element-caption\">H\u00f6henprofil V\/i\/t PHYSIO &#8211; SCH\u00dcLERLAUF<\/figcaption><\/figure>\n\n\n\n<p><\/p>\n\n\n\n<p><strong>#<strong>HENNEMANN ELEKTROTECHNIK<\/strong> <strong>\u2013 KURZSTRECKE<\/strong> <\/strong><\/p>\n\n\n\n<p>Der HENNEMANN ELEKTROTECHNIK \u2013 KURZSTRECKE ist f\u00fcr Teens Jahrgang 2007 bis 2012, ideal f\u00fcr Laufanf\u00e4nger ab Jahrgang 2006 und \u00e4lter, Walker sind herzlich willkommen.<\/p>\n\n\n\n<p class=\"has-cyan-bluish-gray-background-color has-background\">Start: 12:00 Uhr \/ Strecke <a href=\"https:\/\/www.youtube.com\/watch?v=nGtZWnNpuGU&amp;t=24s\" target=\"_blank\" rel=\"noreferrer noopener\">Video<\/a><\/p>\n\n\n\n<figure class=\"wp-block-image size-large\"><img loading=\"lazy\" decoding=\"async\" width=\"620\" height=\"1024\" src=\"https:\/\/remsecker-waldlauf.de\/wp-content\/uploads\/2025\/09\/IMG_8649-620x1024.jpeg\" alt=\"\" class=\"wp-image-2706\" srcset=\"https:\/\/remsecker-waldlauf.de\/wp-content\/uploads\/2025\/09\/IMG_8649-620x1024.jpeg 620w, https:\/\/remsecker-waldlauf.de\/wp-content\/uploads\/2025\/09\/IMG_8649-182x300.jpeg 182w, https:\/\/remsecker-waldlauf.de\/wp-content\/uploads\/2025\/09\/IMG_8649-768x1269.jpeg 768w, https:\/\/remsecker-waldlauf.de\/wp-content\/uploads\/2025\/09\/IMG_8649-1x1.jpeg 1w, https:\/\/remsecker-waldlauf.de\/wp-content\/uploads\/2025\/09\/IMG_8649-363x600.jpeg 363w, https:\/\/remsecker-waldlauf.de\/wp-content\/uploads\/2025\/09\/IMG_8649-70x116.jpeg 70w, https:\/\/remsecker-waldlauf.de\/wp-content\/uploads\/2025\/09\/IMG_8649.jpeg 828w\" sizes=\"auto, (max-width: 620px) 100vw, 620px\" \/><figcaption class=\"wp-element-caption\">HENNEMANN ELEKTROTECHNIK &#8211; KURZSTRECKE \u00fcber 2.900m<\/figcaption><\/figure>\n\n\n\n<figure class=\"wp-block-image size-large\"><img loading=\"lazy\" decoding=\"async\" width=\"1024\" height=\"383\" src=\"https:\/\/remsecker-waldlauf.de\/wp-content\/uploads\/2025\/09\/IMG_8650-1024x383.jpeg\" alt=\"\" class=\"wp-image-2707\" srcset=\"https:\/\/remsecker-waldlauf.de\/wp-content\/uploads\/2025\/09\/IMG_8650-1024x383.jpeg 1024w, https:\/\/remsecker-waldlauf.de\/wp-content\/uploads\/2025\/09\/IMG_8650-300x112.jpeg 300w, https:\/\/remsecker-waldlauf.de\/wp-content\/uploads\/2025\/09\/IMG_8650-768x287.jpeg 768w, https:\/\/remsecker-waldlauf.de\/wp-content\/uploads\/2025\/09\/IMG_8650-1536x575.jpeg 1536w, https:\/\/remsecker-waldlauf.de\/wp-content\/uploads\/2025\/09\/IMG_8650-3x1.jpeg 3w, https:\/\/remsecker-waldlauf.de\/wp-content\/uploads\/2025\/09\/IMG_8650-600x224.jpeg 600w, https:\/\/remsecker-waldlauf.de\/wp-content\/uploads\/2025\/09\/IMG_8650-228x85.jpeg 228w, https:\/\/remsecker-waldlauf.de\/wp-content\/uploads\/2025\/09\/IMG_8650.jpeg 1676w\" sizes=\"auto, (max-width: 1024px) 100vw, 1024px\" \/><figcaption class=\"wp-element-caption\">H\u00f6henprofil HENNEMANN ELEKTROTECHNIK &#8211; KURZSTRECKE<\/figcaption><\/figure>\n\n\n\n<p><\/p>\n\n\n\n<p><strong>#<strong>BAUIDEEN21 \u2013 MITTELSTRECKE<\/strong><\/strong><\/p>\n\n\n\n<p>Der BAUIDEEN21 \u2013 MITTELSTRECKE ist ideal f\u00fcr Vereine, Firmen, Freizeitlaufgruppen inklusive Team Meldung m\u00f6glich.<\/p>\n\n\n\n<p class=\"has-cyan-bluish-gray-background-color has-background\">Start: 13:00 Uhr \/ Strecke <a href=\"https:\/\/www.youtube.com\/watch?v=mYz__L4IRgI\" target=\"_blank\" rel=\"noreferrer noopener\">Video<\/a><\/p>\n\n\n\n<figure class=\"wp-block-image size-large\"><img loading=\"lazy\" decoding=\"async\" width=\"598\" height=\"1024\" src=\"https:\/\/remsecker-waldlauf.de\/wp-content\/uploads\/2025\/09\/IMG_8647-3-598x1024.jpeg\" alt=\"\" class=\"wp-image-2715\" srcset=\"https:\/\/remsecker-waldlauf.de\/wp-content\/uploads\/2025\/09\/IMG_8647-3-598x1024.jpeg 598w, https:\/\/remsecker-waldlauf.de\/wp-content\/uploads\/2025\/09\/IMG_8647-3-175x300.jpeg 175w, https:\/\/remsecker-waldlauf.de\/wp-content\/uploads\/2025\/09\/IMG_8647-3-768x1316.jpeg 768w, https:\/\/remsecker-waldlauf.de\/wp-content\/uploads\/2025\/09\/IMG_8647-3-1x1.jpeg 1w, https:\/\/remsecker-waldlauf.de\/wp-content\/uploads\/2025\/09\/IMG_8647-3-350x600.jpeg 350w, https:\/\/remsecker-waldlauf.de\/wp-content\/uploads\/2025\/09\/IMG_8647-3-68x116.jpeg 68w, https:\/\/remsecker-waldlauf.de\/wp-content\/uploads\/2025\/09\/IMG_8647-3.jpeg 828w\" sizes=\"auto, (max-width: 598px) 100vw, 598px\" \/><figcaption class=\"wp-element-caption\">2 x Runden HENNEMANN ELEKTROTECHNIK &#8211; KURZSTRECKE (\u00e4hnlich) = 5.000m<\/figcaption><\/figure>\n\n\n\n<figure class=\"wp-block-image size-large\"><img loading=\"lazy\" decoding=\"async\" width=\"1024\" height=\"394\" src=\"https:\/\/remsecker-waldlauf.de\/wp-content\/uploads\/2025\/09\/IMG_8648-1024x394.jpeg\" alt=\"\" class=\"wp-image-2712\" srcset=\"https:\/\/remsecker-waldlauf.de\/wp-content\/uploads\/2025\/09\/IMG_8648-1024x394.jpeg 1024w, https:\/\/remsecker-waldlauf.de\/wp-content\/uploads\/2025\/09\/IMG_8648-300x115.jpeg 300w, https:\/\/remsecker-waldlauf.de\/wp-content\/uploads\/2025\/09\/IMG_8648-768x295.jpeg 768w, https:\/\/remsecker-waldlauf.de\/wp-content\/uploads\/2025\/09\/IMG_8648-1536x590.jpeg 1536w, https:\/\/remsecker-waldlauf.de\/wp-content\/uploads\/2025\/09\/IMG_8648-3x1.jpeg 3w, https:\/\/remsecker-waldlauf.de\/wp-content\/uploads\/2025\/09\/IMG_8648-600x231.jpeg 600w, https:\/\/remsecker-waldlauf.de\/wp-content\/uploads\/2025\/09\/IMG_8648-228x88.jpeg 228w, https:\/\/remsecker-waldlauf.de\/wp-content\/uploads\/2025\/09\/IMG_8648.jpeg 1668w\" sizes=\"auto, (max-width: 1024px) 100vw, 1024px\" \/><figcaption class=\"wp-element-caption\">H\u00f6henprofil BAUIDEEN21 &#8211; MITTELSTRECKE<\/figcaption><\/figure>\n\n\n\n<p><\/p>\n\n\n\n<p><strong>#SEITEL \u2013 LANGSTRECKE<\/strong><\/p>\n\n\n\n<p>Der SEITEL \u2013 LANGSTRECKE ist ideal f\u00fcr Trail-, Wald- und Langstreckenl\u00e4ufer ab Jahrgang 2006 und \u00e4lter.<\/p>\n\n\n\n<p class=\"has-cyan-bluish-gray-background-color has-background\">Start: 14:00 Uhr \/ Strecke Video (kommt demn\u00e4chst)<\/p>\n\n\n\n<figure class=\"wp-block-image size-large\"><img loading=\"lazy\" decoding=\"async\" width=\"620\" height=\"1024\" src=\"https:\/\/remsecker-waldlauf.de\/wp-content\/uploads\/2025\/09\/IMG_8649-1-620x1024.jpeg\" alt=\"\" class=\"wp-image-2708\" srcset=\"https:\/\/remsecker-waldlauf.de\/wp-content\/uploads\/2025\/09\/IMG_8649-1-620x1024.jpeg 620w, https:\/\/remsecker-waldlauf.de\/wp-content\/uploads\/2025\/09\/IMG_8649-1-182x300.jpeg 182w, https:\/\/remsecker-waldlauf.de\/wp-content\/uploads\/2025\/09\/IMG_8649-1-768x1269.jpeg 768w, https:\/\/remsecker-waldlauf.de\/wp-content\/uploads\/2025\/09\/IMG_8649-1-1x1.jpeg 1w, https:\/\/remsecker-waldlauf.de\/wp-content\/uploads\/2025\/09\/IMG_8649-1-363x600.jpeg 363w, https:\/\/remsecker-waldlauf.de\/wp-content\/uploads\/2025\/09\/IMG_8649-1-70x116.jpeg 70w, https:\/\/remsecker-waldlauf.de\/wp-content\/uploads\/2025\/09\/IMG_8649-1.jpeg 828w\" sizes=\"auto, (max-width: 620px) 100vw, 620px\" \/><figcaption class=\"wp-element-caption\">SEITEL &#8211; LANGSTRECKE \u00fcber 7.500m (korrekte Strecke kommt demn\u00e4chst)<\/figcaption><\/figure>\n\n\n\n<figure class=\"wp-block-image size-large\"><img loading=\"lazy\" decoding=\"async\" width=\"1024\" height=\"383\" src=\"https:\/\/remsecker-waldlauf.de\/wp-content\/uploads\/2025\/09\/IMG_8650-1-1024x383.jpeg\" alt=\"\" class=\"wp-image-2709\" srcset=\"https:\/\/remsecker-waldlauf.de\/wp-content\/uploads\/2025\/09\/IMG_8650-1-1024x383.jpeg 1024w, https:\/\/remsecker-waldlauf.de\/wp-content\/uploads\/2025\/09\/IMG_8650-1-300x112.jpeg 300w, https:\/\/remsecker-waldlauf.de\/wp-content\/uploads\/2025\/09\/IMG_8650-1-768x287.jpeg 768w, https:\/\/remsecker-waldlauf.de\/wp-content\/uploads\/2025\/09\/IMG_8650-1-1536x575.jpeg 1536w, https:\/\/remsecker-waldlauf.de\/wp-content\/uploads\/2025\/09\/IMG_8650-1-3x1.jpeg 3w, https:\/\/remsecker-waldlauf.de\/wp-content\/uploads\/2025\/09\/IMG_8650-1-600x224.jpeg 600w, https:\/\/remsecker-waldlauf.de\/wp-content\/uploads\/2025\/09\/IMG_8650-1-228x85.jpeg 228w, https:\/\/remsecker-waldlauf.de\/wp-content\/uploads\/2025\/09\/IMG_8650-1.jpeg 1676w\" sizes=\"auto, (max-width: 1024px) 100vw, 1024px\" \/><figcaption class=\"wp-element-caption\">H\u00f6henprofil SEITEL &#8211; LANGSTRECKE (korrektes H\u00f6henprofil kommt demn\u00e4chst)<\/figcaption><\/figure>\n\n\n\n<hr class=\"wp-block-separator has-text-color has-luminous-vivid-amber-color has-alpha-channel-opacity has-luminous-vivid-amber-background-color has-background\"\/>\n\n\n\n<p class=\"has-cyan-bluish-gray-background-color has-background\"><a href=\"mailto:info@remsecker-waldlauf.de\"><strong>info@remsecker-waldlauf.de<\/strong><\/a><\/p>\n","protected":false},"excerpt":{"rendered":"<p>Alle Laufstrecken f\u00fchren durch den wundersch\u00f6nen Wald. So gibt es w\u00e4hrend dem Lauf matschige, unebene B\u00f6den oder schmale Wege mit kleinen Hindernissen \u2013 so ist jeder Lauf eindrucksvoll und abenteuerlich zu gleich. #FLACHS-BAMBINILAUF Der FLACHS-BAMBINILAUF ist f\u00fcr alle Kinder Jahrgang 2021 bis 2023. Eltern d\u00fcrfen ihre Bambinis gerne beim Lauf begleiten. Start: 10:30 Uhr weiblich [&hellip;]<\/p>\n","protected":false},"author":1,"featured_media":0,"parent":0,"menu_order":0,"comment_status":"closed","ping_status":"closed","template":"","meta":{"pgc_sgb_lightbox_settings":"","two_page_speed":[],"footnotes":""},"class_list":["post-22","page","type-page","status-publish","hentry"],"_links":{"self":[{"href":"https:\/\/remsecker-waldlauf.de\/index.php?rest_route=\/wp\/v2\/pages\/22","targetHints":{"allow":["GET"]}}],"collection":[{"href":"https:\/\/remsecker-waldlauf.de\/index.php?rest_route=\/wp\/v2\/pages"}],"about":[{"href":"https:\/\/remsecker-waldlauf.de\/index.php?rest_route=\/wp\/v2\/types\/page"}],"author":[{"embeddable":true,"href":"https:\/\/remsecker-waldlauf.de\/index.php?rest_route=\/wp\/v2\/users\/1"}],"replies":[{"embeddable":true,"href":"https:\/\/remsecker-waldlauf.de\/index.php?rest_route=%2Fwp%2Fv2%2Fcomments&post=22"}],"version-history":[{"count":50,"href":"https:\/\/remsecker-waldlauf.de\/index.php?rest_route=\/wp\/v2\/pages\/22\/revisions"}],"predecessor-version":[{"id":2914,"href":"https:\/\/remsecker-waldlauf.de\/index.php?rest_route=\/wp\/v2\/pages\/22\/revisions\/2914"}],"wp:attachment":[{"href":"https:\/\/remsecker-waldlauf.de\/index.php?rest_route=%2Fwp%2Fv2%2Fmedia&parent=22"}],"curies":[{"name":"wp","href":"https:\/\/api.w.org\/{rel}","templated":true}]}}