{"id":20,"date":"2020-01-22T08:07:55","date_gmt":"2020-01-22T08:07:55","guid":{"rendered":"http:\/\/remsecker-waldlauf.de\/?page_id=20"},"modified":"2026-04-29T15:00:54","modified_gmt":"2026-04-29T15:00:54","slug":"sponsoren","status":"publish","type":"page","link":"https:\/\/remsecker-waldlauf.de\/?page_id=20","title":{"rendered":"Sponsoren"},"content":{"rendered":"\n<h2 class=\"wp-block-heading\">#<strong>HAUPTSPONSOR<\/strong><\/h2>\n\n\n\n<div class=\"wp-block-media-text alignwide is-stacked-on-mobile\"><figure class=\"wp-block-media-text__media\"><img loading=\"lazy\" decoding=\"async\" width=\"680\" height=\"250\" src=\"https:\/\/remsecker-waldlauf.de\/wp-content\/uploads\/2023\/02\/VoBa.png\" alt=\"\" class=\"wp-image-1441 size-medium\" srcset=\"https:\/\/remsecker-waldlauf.de\/wp-content\/uploads\/2023\/02\/VoBa.png 680w, https:\/\/remsecker-waldlauf.de\/wp-content\/uploads\/2023\/02\/VoBa-300x110.png 300w, https:\/\/remsecker-waldlauf.de\/wp-content\/uploads\/2023\/02\/VoBa-3x1.png 3w, https:\/\/remsecker-waldlauf.de\/wp-content\/uploads\/2023\/02\/VoBa-228x84.png 228w\" sizes=\"auto, (max-width: 680px) 100vw, 680px\" \/><\/figure><div class=\"wp-block-media-text__content\">\n<p>Als \u00f6rtliche Bank f\u00f6rdern wir das kulturelle und sportliche Leben in Remseck.<\/p>\n\n\n\n<p><strong><a rel=\"noreferrer noopener\" aria-label=\"Volksbank Remseck eG (\u00f6ffnet in neuem Tab)\" href=\"https:\/\/www.volksbank-remseck.de\/homepage.html\" target=\"_blank\">Volksbank Remseck eG<\/a><\/strong><\/p>\n<\/div><\/div>\n\n\n\n<hr class=\"wp-block-separator has-text-color has-luminous-vivid-amber-color has-alpha-channel-opacity has-luminous-vivid-amber-background-color has-background\"\/>\n\n\n\n<div style=\"height:100px\" aria-hidden=\"true\" class=\"wp-block-spacer\"><\/div>\n\n\n\n<h2 class=\"wp-block-heading\">#<strong>PREMIUMSPONSOREN<\/strong><\/h2>\n\n\n\n<div class=\"wp-block-media-text alignwide is-stacked-on-mobile is-vertically-aligned-center\"><figure class=\"wp-block-media-text__media\"><img loading=\"lazy\" decoding=\"async\" width=\"680\" height=\"250\" src=\"https:\/\/remsecker-waldlauf.de\/wp-content\/uploads\/2023\/02\/Flach-1.png\" alt=\"\" class=\"wp-image-1428 size-full\" srcset=\"https:\/\/remsecker-waldlauf.de\/wp-content\/uploads\/2023\/02\/Flach-1.png 680w, https:\/\/remsecker-waldlauf.de\/wp-content\/uploads\/2023\/02\/Flach-1-300x110.png 300w, https:\/\/remsecker-waldlauf.de\/wp-content\/uploads\/2023\/02\/Flach-1-3x1.png 3w, https:\/\/remsecker-waldlauf.de\/wp-content\/uploads\/2023\/02\/Flach-1-228x84.png 228w\" sizes=\"auto, (max-width: 680px) 100vw, 680px\" \/><\/figure><div class=\"wp-block-media-text__content\">\n<p><br>Im Jahre 1936 von Eugen Flachs gegr\u00fcndet und seit dem weitergef\u00fchrt und ausgebaut, ist die Flachs Bauunternehmung als erfolgreiches Bauunternehmen im Gro\u00dfraum Stuttgart bekannt.<\/p>\n\n\n\n<p><a href=\"http:\/\/www.flachsbauunternehmung.de\/\" data-type=\"URL\" data-id=\"http:\/\/www.flachsbauunternehmung.de\/\" target=\"_blank\" rel=\"noreferrer noopener\"><strong>FLACHS Bauunternehmung<\/strong><\/a><\/p>\n<\/div><\/div>\n\n\n\n<hr class=\"wp-block-separator has-text-color has-luminous-vivid-amber-color has-alpha-channel-opacity has-luminous-vivid-amber-background-color has-background\"\/>\n\n\n\n<div class=\"wp-block-media-text alignwide is-stacked-on-mobile\"><figure class=\"wp-block-media-text__media\"><img loading=\"lazy\" decoding=\"async\" width=\"680\" height=\"250\" src=\"https:\/\/remsecker-waldlauf.de\/wp-content\/uploads\/2023\/02\/bauideen21.png\" alt=\"\" class=\"wp-image-1430 size-full\" srcset=\"https:\/\/remsecker-waldlauf.de\/wp-content\/uploads\/2023\/02\/bauideen21.png 680w, https:\/\/remsecker-waldlauf.de\/wp-content\/uploads\/2023\/02\/bauideen21-300x110.png 300w, https:\/\/remsecker-waldlauf.de\/wp-content\/uploads\/2023\/02\/bauideen21-3x1.png 3w, https:\/\/remsecker-waldlauf.de\/wp-content\/uploads\/2023\/02\/bauideen21-228x84.png 228w\" sizes=\"auto, (max-width: 680px) 100vw, 680px\" \/><\/figure><div class=\"wp-block-media-text__content\">\n<p>Wohnen neu gedacht \u2013 Wohlf\u00fchlorte f\u00fcr Menschen zu erschaffen, das ist es, was uns bewegt. Orte an denen man gerne und gl\u00fccklich ist, die einem das Gef\u00fchl von Freiheit als auch Geborgenheit geben. Ein Ort, der den eigenen Vorstellungen und W\u00fcnschen der jeweiligen Bewohner entspricht: ein Zuhause. <\/p>\n\n\n\n<p><a href=\"https:\/\/bauideen21.de\/de\" target=\"_blank\" rel=\"noreferrer noopener\" aria-label=\"bauideen21 (\u00f6ffnet in neuem Tab)\"><strong>bauideen21<\/strong><\/a><\/p>\n<\/div><\/div>\n\n\n\n<hr class=\"wp-block-separator has-text-color has-luminous-vivid-amber-color has-alpha-channel-opacity has-luminous-vivid-amber-background-color has-background\"\/>\n\n\n\n<div class=\"wp-block-media-text alignwide is-stacked-on-mobile\"><figure class=\"wp-block-media-text__media\"><img loading=\"lazy\" decoding=\"async\" width=\"680\" height=\"250\" src=\"https:\/\/remsecker-waldlauf.de\/wp-content\/uploads\/2023\/02\/connectronix.png\" alt=\"\" class=\"wp-image-1433 size-full\" srcset=\"https:\/\/remsecker-waldlauf.de\/wp-content\/uploads\/2023\/02\/connectronix.png 680w, https:\/\/remsecker-waldlauf.de\/wp-content\/uploads\/2023\/02\/connectronix-300x110.png 300w, https:\/\/remsecker-waldlauf.de\/wp-content\/uploads\/2023\/02\/connectronix-3x1.png 3w, https:\/\/remsecker-waldlauf.de\/wp-content\/uploads\/2023\/02\/connectronix-228x84.png 228w\" sizes=\"auto, (max-width: 680px) 100vw, 680px\" \/><\/figure><div class=\"wp-block-media-text__content\">\n<p>Speziell nach Ihren Vorgaben fertigen wir Kabel f\u00fcr die Bereiche Maschinenbau, erneuerbare Energien, Medizintechnik, Fahrzeuge, Milit\u00e4rtechnik, elektronische Steuerungstechnik. <\/p>\n\n\n\n<p><a href=\"http:\/\/www.connectronic.de\/\" target=\"_blank\" rel=\"noreferrer noopener\" aria-label=\"connectronic (\u00f6ffnet in neuem Tab)\"><strong>connectronic<\/strong><\/a><\/p>\n<\/div><\/div>\n\n\n\n<hr class=\"wp-block-separator has-text-color has-luminous-vivid-amber-color has-alpha-channel-opacity has-luminous-vivid-amber-background-color has-background\"\/>\n\n\n\n<div class=\"wp-block-media-text alignwide is-stacked-on-mobile\"><figure class=\"wp-block-media-text__media\"><img loading=\"lazy\" decoding=\"async\" width=\"680\" height=\"250\" src=\"https:\/\/remsecker-waldlauf.de\/wp-content\/uploads\/2023\/02\/Hennemann.png\" alt=\"\" class=\"wp-image-1436 size-full\" srcset=\"https:\/\/remsecker-waldlauf.de\/wp-content\/uploads\/2023\/02\/Hennemann.png 680w, https:\/\/remsecker-waldlauf.de\/wp-content\/uploads\/2023\/02\/Hennemann-300x110.png 300w, https:\/\/remsecker-waldlauf.de\/wp-content\/uploads\/2023\/02\/Hennemann-3x1.png 3w, https:\/\/remsecker-waldlauf.de\/wp-content\/uploads\/2023\/02\/Hennemann-228x84.png 228w\" sizes=\"auto, (max-width: 680px) 100vw, 680px\" \/><\/figure><div class=\"wp-block-media-text__content\">\n<p>Seit 2003 sind wir Ihr Fachbetrieb f\u00fcr Elektroarbeiten aller Art in Remseck und bieten unsere Leistungen auch in nahe gelegenen St\u00e4dten wie Ludwigsburg, Stuttgart und Umgebung an. <\/p>\n\n\n\n<p><strong><a href=\"http:\/\/www.hennemann-elektrotechnik.de\/\" target=\"_blank\" rel=\"noreferrer noopener\" aria-label=\"Hennemann Elektrotechnik (\u00f6ffnet in neuem Tab)\">Hennemann Elektrotechnik<\/a><\/strong><\/p>\n<\/div><\/div>\n\n\n\n<hr class=\"wp-block-separator has-text-color has-luminous-vivid-amber-color has-alpha-channel-opacity has-luminous-vivid-amber-background-color has-background\"\/>\n\n\n\n<p><\/p>\n\n\n\n<div class=\"wp-block-media-text alignwide is-stacked-on-mobile\"><figure class=\"wp-block-media-text__media\"><img loading=\"lazy\" decoding=\"async\" width=\"680\" height=\"250\" src=\"https:\/\/remsecker-waldlauf.de\/wp-content\/uploads\/2023\/02\/Seitel.png\" alt=\"\" class=\"wp-image-1438 size-full\" srcset=\"https:\/\/remsecker-waldlauf.de\/wp-content\/uploads\/2023\/02\/Seitel.png 680w, https:\/\/remsecker-waldlauf.de\/wp-content\/uploads\/2023\/02\/Seitel-300x110.png 300w, https:\/\/remsecker-waldlauf.de\/wp-content\/uploads\/2023\/02\/Seitel-3x1.png 3w, https:\/\/remsecker-waldlauf.de\/wp-content\/uploads\/2023\/02\/Seitel-228x84.png 228w\" sizes=\"auto, (max-width: 680px) 100vw, 680px\" \/><\/figure><div class=\"wp-block-media-text__content\">\n<p>Ihr kompetentes Maler-Team aus Remseck am Neckar. Wir f\u00fchren werterhaltende Arbeiten rund um Ihr Haus zu Ihrer vollsten Zufriedenheit aus. Professionell, Preiswert und Zeitnah.<\/p>\n\n\n\n<p><strong><a rel=\"noreferrer noopener\" aria-label=\"Schwarzer GmbH (\u00f6ffnet in neuem Tab)\" href=\"https:\/\/www.schwarzergmbh.de\/\" target=\"_blank\"><strong><\/strong><\/a><strong><a rel=\"noreferrer noopener\" href=\"http:\/\/www.maler-seitel.de\/\" target=\"_blank\">Seitel Malerwerkst\u00e4tte<\/a><\/strong><\/strong><\/p>\n<\/div><\/div>\n\n\n\n<hr class=\"wp-block-separator has-text-color has-luminous-vivid-amber-color has-alpha-channel-opacity has-luminous-vivid-amber-background-color has-background\"\/>\n\n\n\n<p><\/p>\n\n\n\n<div class=\"wp-block-media-text alignwide is-stacked-on-mobile\"><figure class=\"wp-block-media-text__media\"><img loading=\"lazy\" decoding=\"async\" width=\"680\" height=\"250\" src=\"https:\/\/remsecker-waldlauf.de\/wp-content\/uploads\/2023\/02\/VitPhysio.png\" alt=\"\" class=\"wp-image-1439 size-full\" srcset=\"https:\/\/remsecker-waldlauf.de\/wp-content\/uploads\/2023\/02\/VitPhysio.png 680w, https:\/\/remsecker-waldlauf.de\/wp-content\/uploads\/2023\/02\/VitPhysio-300x110.png 300w, https:\/\/remsecker-waldlauf.de\/wp-content\/uploads\/2023\/02\/VitPhysio-3x1.png 3w, https:\/\/remsecker-waldlauf.de\/wp-content\/uploads\/2023\/02\/VitPhysio-228x84.png 228w\" sizes=\"auto, (max-width: 680px) 100vw, 680px\" \/><\/figure><div class=\"wp-block-media-text__content\">\n<p>In unseren freundlichen und hellen R\u00e4umen m\u00f6chten wir nicht nur Ihre Beschwerden behandeln, sondern eine entspannte Atmosph\u00e4re schaffen, in der Sie sich wohl f\u00fchlen. Bei uns stehen Sie nicht nur als Patient, sondern als Mensch im Mittelpunkt. <\/p>\n\n\n\n<p><a href=\"http:\/\/www.vit-physio.de\/\" target=\"_blank\" rel=\"noreferrer noopener\" aria-label=\"VIT Physio (\u00f6ffnet in neuem Tab)\"><strong>VIT Physio<\/strong><\/a><\/p>\n<\/div><\/div>\n\n\n\n<hr class=\"wp-block-separator has-text-color has-luminous-vivid-amber-color has-alpha-channel-opacity has-luminous-vivid-amber-background-color has-background\"\/>\n\n\n\n<div style=\"height:100px\" aria-hidden=\"true\" class=\"wp-block-spacer\"><\/div>\n\n\n\n<h2 class=\"wp-block-heading\"><strong>#KOMFORTSPONSOREN<\/strong><\/h2>\n\n\n\n<hr class=\"wp-block-separator has-text-color has-luminous-vivid-amber-color has-alpha-channel-opacity has-luminous-vivid-amber-background-color has-background\"\/>\n\n\n\n<div class=\"wp-block-media-text alignwide is-stacked-on-mobile\"><figure class=\"wp-block-media-text__media\"><img loading=\"lazy\" decoding=\"async\" width=\"680\" height=\"250\" src=\"https:\/\/remsecker-waldlauf.de\/wp-content\/uploads\/2023\/02\/Kaercher.png\" alt=\"\" class=\"wp-image-1443 size-full\" srcset=\"https:\/\/remsecker-waldlauf.de\/wp-content\/uploads\/2023\/02\/Kaercher.png 680w, https:\/\/remsecker-waldlauf.de\/wp-content\/uploads\/2023\/02\/Kaercher-300x110.png 300w, https:\/\/remsecker-waldlauf.de\/wp-content\/uploads\/2023\/02\/Kaercher-3x1.png 3w, https:\/\/remsecker-waldlauf.de\/wp-content\/uploads\/2023\/02\/Kaercher-228x84.png 228w\" sizes=\"auto, (max-width: 680px) 100vw, 680px\" \/><\/figure><div class=\"wp-block-media-text__content\">\n<p>Das Familienunternehmen K\u00e4rcher gilt heute als der weltweit f\u00fchrende Anbieter von effizienten, ressourcenschonenden Reinigungssystemen. K\u00e4rcher macht den Unterschied durch Spitzenleistung, Innovation und Qualit\u00e4t. <\/p>\n\n\n\n<p><strong><a href=\"https:\/\/www.kaercher.com\/de\/\" target=\"_blank\" rel=\"noreferrer noopener\" aria-label=\"K\u00e4rcher (\u00f6ffnet in neuem Tab)\">K\u00e4rcher<\/a><\/strong><\/p>\n<\/div><\/div>\n\n\n\n<hr class=\"wp-block-separator has-text-color has-luminous-vivid-amber-color has-alpha-channel-opacity has-luminous-vivid-amber-background-color has-background\"\/>\n\n\n\n<div class=\"wp-block-media-text alignwide is-stacked-on-mobile\"><figure class=\"wp-block-media-text__media\"><img loading=\"lazy\" decoding=\"async\" width=\"680\" height=\"250\" src=\"https:\/\/remsecker-waldlauf.de\/wp-content\/uploads\/2023\/02\/Lorenz_Krautt.png\" alt=\"\" class=\"wp-image-1444 size-full\" srcset=\"https:\/\/remsecker-waldlauf.de\/wp-content\/uploads\/2023\/02\/Lorenz_Krautt.png 680w, https:\/\/remsecker-waldlauf.de\/wp-content\/uploads\/2023\/02\/Lorenz_Krautt-300x110.png 300w, https:\/\/remsecker-waldlauf.de\/wp-content\/uploads\/2023\/02\/Lorenz_Krautt-3x1.png 3w, https:\/\/remsecker-waldlauf.de\/wp-content\/uploads\/2023\/02\/Lorenz_Krautt-228x84.png 228w\" sizes=\"auto, (max-width: 680px) 100vw, 680px\" \/><\/figure><div class=\"wp-block-media-text__content\">\n<p>Wir k\u00f6nnen Dachfenster, Um- und Ausbauarbeiten, Fassaden, Bedachungen und Sanierungen durchf\u00fchren.<\/p>\n\n\n\n<p><strong><a href=\"https:\/\/www.gelbeseiten.de\/gsbiz\/5b24cf3d-ac8b-498d-84e9-9651610c9dfa\" target=\"_blank\" rel=\"noreferrer noopener\">Lorenz &amp; Krautt<\/a><\/strong><\/p>\n<\/div><\/div>\n\n\n\n<hr class=\"wp-block-separator has-text-color has-luminous-vivid-amber-color has-alpha-channel-opacity has-luminous-vivid-amber-background-color has-background\"\/>\n\n\n\n<div class=\"wp-block-media-text alignwide is-stacked-on-mobile\"><figure class=\"wp-block-media-text__media\"><img loading=\"lazy\" decoding=\"async\" width=\"680\" height=\"250\" src=\"https:\/\/remsecker-waldlauf.de\/wp-content\/uploads\/2023\/02\/Noller.png\" alt=\"\" class=\"wp-image-1445 size-full\" srcset=\"https:\/\/remsecker-waldlauf.de\/wp-content\/uploads\/2023\/02\/Noller.png 680w, https:\/\/remsecker-waldlauf.de\/wp-content\/uploads\/2023\/02\/Noller-300x110.png 300w, https:\/\/remsecker-waldlauf.de\/wp-content\/uploads\/2023\/02\/Noller-3x1.png 3w, https:\/\/remsecker-waldlauf.de\/wp-content\/uploads\/2023\/02\/Noller-228x84.png 228w\" sizes=\"auto, (max-width: 680px) 100vw, 680px\" \/><\/figure><div class=\"wp-block-media-text__content\">\n<p>Unser Ziel ist es, stets frische Ware f\u00fcr Sie bereitzuhalten.<br>Auch mit nicht bei uns vorr\u00e4tigen Artikeln k\u00f6nnen wir Sie innerhalb k\u00fcrzester Zeit versorgen. <\/p>\n\n\n\n<p><strong><a href=\"https:\/\/www.noller-futtermittel.de\/muehlenladen\/\" target=\"_blank\" rel=\"noreferrer noopener\">Noller<\/a><\/strong><\/p>\n<\/div><\/div>\n\n\n\n<hr class=\"wp-block-separator has-text-color has-luminous-vivid-amber-color has-alpha-channel-opacity has-luminous-vivid-amber-background-color has-background\"\/>\n\n\n\n<div class=\"wp-block-media-text alignwide is-stacked-on-mobile\"><figure class=\"wp-block-media-text__media\"><img loading=\"lazy\" decoding=\"async\" width=\"680\" height=\"250\" src=\"https:\/\/remsecker-waldlauf.de\/wp-content\/uploads\/2023\/02\/Uebelhoer.png\" alt=\"\" class=\"wp-image-1446 size-full\" srcset=\"https:\/\/remsecker-waldlauf.de\/wp-content\/uploads\/2023\/02\/Uebelhoer.png 680w, https:\/\/remsecker-waldlauf.de\/wp-content\/uploads\/2023\/02\/Uebelhoer-300x110.png 300w, https:\/\/remsecker-waldlauf.de\/wp-content\/uploads\/2023\/02\/Uebelhoer-3x1.png 3w, https:\/\/remsecker-waldlauf.de\/wp-content\/uploads\/2023\/02\/Uebelhoer-228x84.png 228w\" sizes=\"auto, (max-width: 680px) 100vw, 680px\" \/><\/figure><div class=\"wp-block-media-text__content\">\n<p>Ihre kompetente Kfz-Werkstatt in Remseck-Hochdorf. Wir f\u00fchren werterhaltende Arbeiten rund um Ihr Auto zu Ihrer vollsten Zufriedenheit aus. Professionell, Preiswert und Zeitnah. <\/p>\n\n\n\n<p><strong><a href=\"https:\/\/www.facebook.com\/karosseriebau.uebelhoer\" target=\"_blank\" rel=\"noreferrer noopener\">\u00dcbelh\u00f6r<\/a><\/strong><\/p>\n<\/div><\/div>\n\n\n\n<hr class=\"wp-block-separator has-text-color has-luminous-vivid-amber-color has-alpha-channel-opacity has-luminous-vivid-amber-background-color has-background\"\/>\n\n\n\n<div class=\"wp-block-media-text alignwide is-stacked-on-mobile\"><figure class=\"wp-block-media-text__media\"><img loading=\"lazy\" decoding=\"async\" width=\"1024\" height=\"1024\" src=\"https:\/\/remsecker-waldlauf.de\/wp-content\/uploads\/2026\/04\/Allianz-1-1024x1024.png\" alt=\"\" class=\"wp-image-2963 size-full\" srcset=\"https:\/\/remsecker-waldlauf.de\/wp-content\/uploads\/2026\/04\/Allianz-1-1024x1024.png 1024w, https:\/\/remsecker-waldlauf.de\/wp-content\/uploads\/2026\/04\/Allianz-1-300x300.png 300w, https:\/\/remsecker-waldlauf.de\/wp-content\/uploads\/2026\/04\/Allianz-1-150x150.png 150w, https:\/\/remsecker-waldlauf.de\/wp-content\/uploads\/2026\/04\/Allianz-1-768x768.png 768w, https:\/\/remsecker-waldlauf.de\/wp-content\/uploads\/2026\/04\/Allianz-1-1536x1536.png 1536w, https:\/\/remsecker-waldlauf.de\/wp-content\/uploads\/2026\/04\/Allianz-1-1x1.png 1w, https:\/\/remsecker-waldlauf.de\/wp-content\/uploads\/2026\/04\/Allianz-1-600x600.png 600w, https:\/\/remsecker-waldlauf.de\/wp-content\/uploads\/2026\/04\/Allianz-1-116x116.png 116w, https:\/\/remsecker-waldlauf.de\/wp-content\/uploads\/2026\/04\/Allianz-1.png 2000w\" sizes=\"auto, (max-width: 1024px) 100vw, 1024px\" \/><\/figure><div class=\"wp-block-media-text__content\">\n<p>Bei uns steht der Mensch im Mittelpunkt: Wir bieten eine partnerschaftliche und faire Beratung in den Bereichen Finanzierung, Geldanlage, Versicherungen und Vorsorge, abgestimmt auf Ihre individuellen Bed\u00fcrfnisse. Als Teil der Allianz Gruppe profitieren Sie von umfassender Expertise, starken Produkten und L\u00f6sungen aus einer Hand \u2013 sowohl f\u00fcr Privat- als auch f\u00fcr Gesch\u00e4ftskunden. Auf Basis einer gr\u00fcndlichen Analyse Ihrer pers\u00f6nlichen Situation entwickeln wir gemeinsam passende Strategien und passen diese bei Ver\u00e4nderungen flexibel an. Dabei behalten wir stets die Entwicklungen im Finanz-, Gesundheits- und Steuersystem im Blick und stehen Ihnen jederzeit beratend zur Seite \u2013 vor Ort oder online. Ihr Marcel Sch\u00f6ll und Team.<\/p>\n\n\n\n<p><a href=\"https:\/\/www.allianz-schoell.de\" data-type=\"link\" data-id=\"https:\/\/www.allianz-schoell.de\" target=\"_blank\" rel=\"noreferrer noopener\">Allianz Agentur Marcel Sch\u00f6ll<\/a><\/p>\n<\/div><\/div>\n\n\n\n<hr class=\"wp-block-separator has-text-color has-luminous-vivid-amber-color has-alpha-channel-opacity has-luminous-vivid-amber-background-color has-background\"\/>\n\n\n\n<div class=\"wp-block-media-text alignwide is-stacked-on-mobile\"><figure class=\"wp-block-media-text__media\"><img loading=\"lazy\" decoding=\"async\" width=\"1024\" height=\"724\" src=\"https:\/\/remsecker-waldlauf.de\/wp-content\/uploads\/2024\/04\/IMG_1059-1024x724.jpeg\" alt=\"\" class=\"wp-image-2134 size-full\" srcset=\"https:\/\/remsecker-waldlauf.de\/wp-content\/uploads\/2024\/04\/IMG_1059-1024x724.jpeg 1024w, https:\/\/remsecker-waldlauf.de\/wp-content\/uploads\/2024\/04\/IMG_1059-300x212.jpeg 300w, https:\/\/remsecker-waldlauf.de\/wp-content\/uploads\/2024\/04\/IMG_1059-768x543.jpeg 768w, https:\/\/remsecker-waldlauf.de\/wp-content\/uploads\/2024\/04\/IMG_1059-1536x1085.jpeg 1536w, https:\/\/remsecker-waldlauf.de\/wp-content\/uploads\/2024\/04\/IMG_1059-1x1.jpeg 1w, https:\/\/remsecker-waldlauf.de\/wp-content\/uploads\/2024\/04\/IMG_1059-164x116.jpeg 164w, https:\/\/remsecker-waldlauf.de\/wp-content\/uploads\/2024\/04\/IMG_1059.jpeg 1772w\" sizes=\"auto, (max-width: 1024px) 100vw, 1024px\" \/><\/figure><div class=\"wp-block-media-text__content\">\n<p><strong>Wir beraten individuell &amp; auf Ihr Unternehmen abgestimmt.<\/strong><br><br>Wir erarbeiten vollumf\u00e4ngliche Brandschutzkonzepte \/ Brandschutznachweise mit belastbaren L\u00f6sungen.&nbsp;<\/p>\n\n\n\n<p><a href=\"http:\/\/w2-planung.de\/\" data-type=\"link\" data-id=\"http:\/\/w2-planung.de\/\">W\u00b2 Planungs GmbH<\/a><\/p>\n<\/div><\/div>\n\n\n\n<hr class=\"wp-block-separator has-text-color has-luminous-vivid-amber-color has-alpha-channel-opacity has-luminous-vivid-amber-background-color has-background\"\/>\n\n\n\n<p class=\"has-cyan-bluish-gray-background-color has-background\"><a href=\"mailto:sponsoren@remseck-waldlauf.de\"><strong>sponsoren@remseck-waldlauf.de<\/strong><\/a><\/p>\n","protected":false},"excerpt":{"rendered":"<p>#HAUPTSPONSOR Als \u00f6rtliche Bank f\u00f6rdern wir das kulturelle und sportliche Leben in Remseck. Volksbank Remseck eG #PREMIUMSPONSOREN Im Jahre 1936 von Eugen Flachs gegr\u00fcndet und seit dem weitergef\u00fchrt und ausgebaut, ist die Flachs Bauunternehmung als erfolgreiches Bauunternehmen im Gro\u00dfraum Stuttgart bekannt. FLACHS Bauunternehmung Wohnen neu gedacht \u2013 Wohlf\u00fchlorte f\u00fcr Menschen zu erschaffen, das ist es, [&hellip;]<\/p>\n","protected":false},"author":1,"featured_media":0,"parent":0,"menu_order":0,"comment_status":"closed","ping_status":"closed","template":"","meta":{"pgc_sgb_lightbox_settings":"","two_page_speed":[],"footnotes":""},"class_list":["post-20","page","type-page","status-publish","hentry"],"_links":{"self":[{"href":"https:\/\/remsecker-waldlauf.de\/index.php?rest_route=\/wp\/v2\/pages\/20","targetHints":{"allow":["GET"]}}],"collection":[{"href":"https:\/\/remsecker-waldlauf.de\/index.php?rest_route=\/wp\/v2\/pages"}],"about":[{"href":"https:\/\/remsecker-waldlauf.de\/index.php?rest_route=\/wp\/v2\/types\/page"}],"author":[{"embeddable":true,"href":"https:\/\/remsecker-waldlauf.de\/index.php?rest_route=\/wp\/v2\/users\/1"}],"replies":[{"embeddable":true,"href":"https:\/\/remsecker-waldlauf.de\/index.php?rest_route=%2Fwp%2Fv2%2Fcomments&post=20"}],"version-history":[{"count":57,"href":"https:\/\/remsecker-waldlauf.de\/index.php?rest_route=\/wp\/v2\/pages\/20\/revisions"}],"predecessor-version":[{"id":2965,"href":"https:\/\/remsecker-waldlauf.de\/index.php?rest_route=\/wp\/v2\/pages\/20\/revisions\/2965"}],"wp:attachment":[{"href":"https:\/\/remsecker-waldlauf.de\/index.php?rest_route=%2Fwp%2Fv2%2Fmedia&parent=20"}],"curies":[{"name":"wp","href":"https:\/\/api.w.org\/{rel}","templated":true}]}}